{"id":21854,"date":"2021-03-05T13:31:42","date_gmt":"2021-03-05T12:31:42","guid":{"rendered":"http:\/\/hyi1.ad-passion.it\/immobili\/ufficio-in-vendita-a-verolanuova\/"},"modified":"2021-04-15T10:34:20","modified_gmt":"2021-04-15T08:34:20","slug":"buero-zu-verkaufen-in-verolanuova","status":"publish","type":"property","link":"https:\/\/www.hypoimmobili.it\/de\/immobili\/buero-zu-verkaufen-in-verolanuova\/","title":{"rendered":"B\u00fcro zu verkaufen in Verolanuova"},"content":{"rendered":"<p>[vc_row][vc_column][vc_column_text]B\u00fcro mit ca. 138 m\u00b2 im Palazzo Maggi bestehend aus 3 R\u00e4umen im Erdgeschoss und 1 Raum im 1. Obergeschoss.<\/p>\n<p>Das Geb\u00e4ude wurde um 1550 erbaut und verf\u00fcgt \u00fcber weitl\u00e4ufige Fresken von Lattanzio Gambara.<\/p>\n<p>&nbsp;<\/p>\n<p>Comune di Verolanuova, foglio 11, mappale 840, sub. 2[\/vc_column_text][\/vc_column][\/vc_row][vc_row el_class=&#8220;hyi_property_block&#8220;][vc_column width=&#8220;3\/4&#8243;][vc_column_text el_class=&#8220;hyi_property_title&#8220;]<a href=\"https:\/\/www.hypoimmobili.it\/wp-content\/uploads\/2021\/03\/catasto-dei-fabbricati-Ufficio-in-vendita-Verolanuova.pdf\" class=\"pdfemb-viewer\" style=\"\" data-width=\"max\" data-height=\"max\" data-mobile-width=\"500\"  data-scrollbar=\"none\" data-download=\"on\" data-tracking=\"on\" data-newwindow=\"on\" data-pagetextbox=\"off\" data-scrolltotop=\"off\" data-startzoom=\"100\" data-startfpzoom=\"100\" data-toolbar=\"bottom\" data-toolbar-fixed=\"off\">catasto-dei-fabbricati-Ufficio-in-vendita-Verolanuova<br\/><\/a>[\/vc_column_text][\/vc_column][vc_column width=&#8220;1\/4&#8243;][\/vc_column][\/vc_row]<\/p>\n","protected":false},"excerpt":{"rendered":"<p>[vc_row][vc_column][vc_column_text]B\u00fcro mit ca. 138 m\u00b2 im Palazzo Maggi bestehend aus 3 R\u00e4umen im Erdgeschoss und 1 Raum im 1. Obergeschoss. Das Geb\u00e4ude wurde um 1550 erbaut und verf\u00fcgt \u00fcber weitl\u00e4ufige Fresken von Lattanzio Gambara. &nbsp; Comune di Verolanuova, foglio 11, mappale 840, sub. 2[\/vc_column_text][\/vc_column][\/vc_row][vc_row el_class=&#8220;hyi_property_block&#8220;][vc_column width=&#8220;3\/4&#8243;][vc_column_text el_class=&#8220;hyi_property_title&#8220;][\/vc_column_text][\/vc_column][vc_column width=&#8220;1\/4&#8243;][\/vc_column][\/vc_row]<\/p>\n","protected":false},"author":2,"featured_media":19971,"parent":0,"menu_order":0,"template":"","property_type":[148],"property_status":[149],"property_feature":[],"property_label":[],"property_country":[],"property_state":[195],"property_city":[397],"property_area":[187],"property_meta":{"_wpml_word_count":["{\"total\":0,\"to_translate\":{\"de\":64,\"it\":64}}"],"_wp_page_template":["default"],"_wpml_media_featured":["1"],"_wpml_media_duplicate":["1"],"_yoast_wpseo_content_score":["90"],"fave_property_map":["1"],"fave_property_map_address":["Via S. Martino"],"fave_property_location":["45.3590914,10.0562774,15"],"houzez_geolocation_lat":["45.3590914"],"houzez_geolocation_long":["10.0562774"],"fave_property_map_street_view":["hide"],"fave_property_address":["Via San Martino - Cadignano"],"fave_property_zip":["25028"],"fave_featured":["0"],"fave_loggedintoview":["0"],"fave_agent_display_option":["agency_info"],"fave_agents":["-1"],"fave_energy_class":["ND"],"fave_single_top_area":["global"],"fave_single_content_area":["global"],"_yoast_wpseo_primary_property_type":["118"],"_yoast_wpseo_primary_property_status":["30"],"_yoast_wpseo_primary_property_state":["103"],"_yoast_wpseo_primary_property_city":["268"],"_yoast_wpseo_primary_property_area":["144"],"houzez_manual_expire":["0"],"_houzez_expiration_date_status":["saved"],"houzez_recently_viewed":["2026-05-03 16:34:39"],"houzez_total_property_views":["239"],"houzez_views_by_date":["a:61:{s:10:\"04-23-2025\";i:2;s:10:\"04-29-2025\";i:2;s:10:\"05-01-2025\";i:2;s:10:\"05-05-2025\";i:1;s:10:\"05-07-2025\";i:1;s:10:\"05-15-2025\";i:1;s:10:\"05-17-2025\";i:1;s:10:\"05-20-2025\";i:1;s:10:\"05-23-2025\";i:1;s:10:\"05-27-2025\";i:1;s:10:\"06-03-2025\";i:1;s:10:\"06-12-2025\";i:1;s:10:\"06-14-2025\";i:1;s:10:\"06-19-2025\";i:1;s:10:\"06-25-2025\";i:2;s:10:\"06-30-2025\";i:1;s:10:\"07-12-2025\";i:1;s:10:\"07-15-2025\";i:1;s:10:\"07-18-2025\";i:1;s:10:\"07-27-2025\";i:1;s:10:\"08-03-2025\";i:1;s:10:\"08-06-2025\";i:1;s:10:\"08-09-2025\";i:1;s:10:\"08-15-2025\";i:1;s:10:\"08-19-2025\";i:1;s:10:\"08-22-2025\";i:1;s:10:\"08-31-2025\";i:1;s:10:\"09-13-2025\";i:1;s:10:\"09-17-2025\";i:1;s:10:\"09-27-2025\";i:1;s:10:\"09-29-2025\";i:2;s:10:\"10-08-2025\";i:1;s:10:\"10-15-2025\";i:1;s:10:\"10-22-2025\";i:1;s:10:\"10-31-2025\";i:1;s:10:\"11-04-2025\";i:1;s:10:\"11-17-2025\";i:1;s:10:\"11-19-2025\";i:1;s:10:\"11-29-2025\";i:1;s:10:\"12-01-2025\";i:1;s:10:\"12-10-2025\";i:1;s:10:\"12-16-2025\";i:2;s:10:\"12-19-2025\";i:1;s:10:\"12-25-2025\";i:1;s:10:\"12-26-2025\";i:1;s:10:\"12-30-2025\";i:1;s:10:\"01-01-2026\";i:1;s:10:\"01-06-2026\";i:1;s:10:\"01-08-2026\";i:1;s:10:\"01-11-2026\";i:1;s:10:\"01-13-2026\";i:2;s:10:\"01-16-2026\";i:1;s:10:\"01-17-2026\";i:1;s:10:\"01-20-2026\";i:1;s:10:\"01-21-2026\";i:3;s:10:\"02-18-2026\";i:1;s:10:\"02-21-2026\";i:1;s:10:\"02-28-2026\";i:1;s:10:\"04-18-2026\";i:1;s:10:\"04-25-2026\";i:1;s:10:\"05-03-2026\";i:2;}"],"_yoast_wpseo_estimated-reading-time-minutes":["1"],"essb_post_og_desc":["Hypo Vorarlberg Immo Italia verkauft B\u00fcro in Verolanuova, BS, Lombardei"],"essb_post_og_title":["B\u00fcro zu verkaufen in Verolanuova"],"_yoast_wpseo_metadesc":["Hypo Vorarlberg Immo Italia verkauft B\u00fcro in Verolanuova, BS, Lombardei"],"_thumbnail_id":["19971"],"_edit_lock":["1618475649:2"],"essb_cached_image":["https:\/\/www.hypoimmobili.it\/wp-content\/uploads\/2021\/03\/Ufficio-in-vendita-Verolanuova-BS-Lombardia-Hypo-Vorarlberg-Immo-Italia-Srl-01.jpg"],"_edit_last":["2"],"rs_page_bg_color":[""],"_wpb_vc_js_status":["true"],"fave_property_images":["19970","19972","19974","19976","19978"],"_wpml_media_has_media":["1"],"fave_property_agency":["2788"],"fave_prop_homeslider":["no"],"_alp_processed":["1618475660"],"_last_translation_edit_mode":["native-editor"]},"yoast_head":"<!-- This site is optimized with the Yoast SEO plugin v16.2 - https:\/\/yoast.com\/wordpress\/plugins\/seo\/ -->\n<title>B\u00fcro zu verkaufen in Verolanuova<\/title>\n<meta name=\"description\" content=\"Hypo Vorarlberg Immo Italia verkauft B\u00fcro in Verolanuova, BS, Lombardei\" \/>\n<meta name=\"robots\" content=\"index, follow, max-snippet:-1, max-image-preview:large, max-video-preview:-1\" \/>\n<link rel=\"canonical\" href=\"https:\/\/www.hypoimmobili.it\/de\/immobili\/buero-zu-verkaufen-in-verolanuova\/\" \/>\n<meta name=\"twitter:label1\" content=\"Gesch\u00e4tzte Lesezeit\">\n\t<meta name=\"twitter:data1\" content=\"1\u00a0Minute\">\n<script type=\"application\/ld+json\" class=\"yoast-schema-graph\">{\"@context\":\"https:\/\/schema.org\",\"@graph\":[{\"@type\":\"Organization\",\"@id\":\"https:\/\/www.hypoimmobili.it\/#organization\",\"name\":\"Hypo Vorarlberg Immo Italia\",\"url\":\"https:\/\/www.hypoimmobili.it\/\",\"sameAs\":[\"https:\/\/www.facebook.com\/Hypo-Vorarlberg-Immo-Italia-Srl-581242719214415\",\"https:\/\/www.instagram.com\/hypovorarlbergimmo\/\"],\"logo\":{\"@type\":\"ImageObject\",\"@id\":\"https:\/\/www.hypoimmobili.it\/#logo\",\"inLanguage\":\"de\",\"url\":\"https:\/\/www.hypoimmobili.it\/wp-content\/uploads\/2020\/12\/hypo-vorarlberg-immo-italia-logo-retina.png\",\"contentUrl\":\"https:\/\/www.hypoimmobili.it\/wp-content\/uploads\/2020\/12\/hypo-vorarlberg-immo-italia-logo-retina.png\",\"width\":416,\"height\":240,\"caption\":\"Hypo Vorarlberg Immo Italia\"},\"image\":{\"@id\":\"https:\/\/www.hypoimmobili.it\/#logo\"}},{\"@type\":\"WebSite\",\"@id\":\"https:\/\/www.hypoimmobili.it\/#website\",\"url\":\"https:\/\/www.hypoimmobili.it\/\",\"name\":\"Hypo Vorarlberg Immo Italia\",\"description\":\"\",\"publisher\":{\"@id\":\"https:\/\/www.hypoimmobili.it\/#organization\"},\"potentialAction\":[{\"@type\":\"SearchAction\",\"target\":\"https:\/\/www.hypoimmobili.it\/?s={search_term_string}\",\"query-input\":\"required name=search_term_string\"}],\"inLanguage\":\"de\"},{\"@type\":\"ImageObject\",\"@id\":\"https:\/\/www.hypoimmobili.it\/de\/immobili\/buero-zu-verkaufen-in-verolanuova\/#primaryimage\",\"inLanguage\":\"de\",\"url\":\"https:\/\/www.hypoimmobili.it\/wp-content\/uploads\/2021\/03\/Ufficio-in-vendita-Verolanuova-BS-Lombardia-Hypo-Vorarlberg-Immo-Italia-Srl-01.jpg\",\"contentUrl\":\"https:\/\/www.hypoimmobili.it\/wp-content\/uploads\/2021\/03\/Ufficio-in-vendita-Verolanuova-BS-Lombardia-Hypo-Vorarlberg-Immo-Italia-Srl-01.jpg\",\"width\":1024,\"height\":768},{\"@type\":\"WebPage\",\"@id\":\"https:\/\/www.hypoimmobili.it\/de\/immobili\/buero-zu-verkaufen-in-verolanuova\/#webpage\",\"url\":\"https:\/\/www.hypoimmobili.it\/de\/immobili\/buero-zu-verkaufen-in-verolanuova\/\",\"name\":\"B\\u00fcro zu verkaufen in Verolanuova\",\"isPartOf\":{\"@id\":\"https:\/\/www.hypoimmobili.it\/#website\"},\"primaryImageOfPage\":{\"@id\":\"https:\/\/www.hypoimmobili.it\/de\/immobili\/buero-zu-verkaufen-in-verolanuova\/#primaryimage\"},\"datePublished\":\"2021-03-05T12:31:42+00:00\",\"dateModified\":\"2021-04-15T08:34:20+00:00\",\"description\":\"Hypo Vorarlberg Immo Italia verkauft B\\u00fcro in Verolanuova, BS, Lombardei\",\"breadcrumb\":{\"@id\":\"https:\/\/www.hypoimmobili.it\/de\/immobili\/buero-zu-verkaufen-in-verolanuova\/#breadcrumb\"},\"inLanguage\":\"de\",\"potentialAction\":[{\"@type\":\"ReadAction\",\"target\":[\"https:\/\/www.hypoimmobili.it\/de\/immobili\/buero-zu-verkaufen-in-verolanuova\/\"]}]},{\"@type\":\"BreadcrumbList\",\"@id\":\"https:\/\/www.hypoimmobili.it\/de\/immobili\/buero-zu-verkaufen-in-verolanuova\/#breadcrumb\",\"itemListElement\":[{\"@type\":\"ListItem\",\"position\":1,\"item\":{\"@type\":\"WebPage\",\"@id\":\"https:\/\/www.hypoimmobili.it\/de\/\",\"url\":\"https:\/\/www.hypoimmobili.it\/de\/\",\"name\":\"Home\"}},{\"@type\":\"ListItem\",\"position\":2,\"item\":{\"@type\":\"WebPage\",\"@id\":\"https:\/\/www.hypoimmobili.it\/de\/immobili\/\",\"url\":\"https:\/\/www.hypoimmobili.it\/de\/immobili\/\",\"name\":\"Immobilien\"}},{\"@type\":\"ListItem\",\"position\":3,\"item\":{\"@id\":\"https:\/\/www.hypoimmobili.it\/de\/immobili\/buero-zu-verkaufen-in-verolanuova\/#webpage\"}}]}]}<\/script>\n<!-- \/ Yoast SEO plugin. -->","_links":{"self":[{"href":"https:\/\/www.hypoimmobili.it\/de\/wp-json\/wp\/v2\/immobilien\/21854"}],"collection":[{"href":"https:\/\/www.hypoimmobili.it\/de\/wp-json\/wp\/v2\/immobilien"}],"about":[{"href":"https:\/\/www.hypoimmobili.it\/de\/wp-json\/wp\/v2\/types\/property"}],"author":[{"embeddable":true,"href":"https:\/\/www.hypoimmobili.it\/de\/wp-json\/wp\/v2\/users\/2"}],"version-history":[{"count":2,"href":"https:\/\/www.hypoimmobili.it\/de\/wp-json\/wp\/v2\/immobilien\/21854\/revisions"}],"predecessor-version":[{"id":21856,"href":"https:\/\/www.hypoimmobili.it\/de\/wp-json\/wp\/v2\/immobilien\/21854\/revisions\/21856"}],"wp:featuredmedia":[{"embeddable":true,"href":"https:\/\/www.hypoimmobili.it\/de\/wp-json\/wp\/v2\/media\/19971"}],"wp:attachment":[{"href":"https:\/\/www.hypoimmobili.it\/de\/wp-json\/wp\/v2\/media?parent=21854"}],"wp:term":[{"taxonomy":"property_type","embeddable":true,"href":"https:\/\/www.hypoimmobili.it\/de\/wp-json\/wp\/v2\/property_type?post=21854"},{"taxonomy":"property_status","embeddable":true,"href":"https:\/\/www.hypoimmobili.it\/de\/wp-json\/wp\/v2\/property_status?post=21854"},{"taxonomy":"property_feature","embeddable":true,"href":"https:\/\/www.hypoimmobili.it\/de\/wp-json\/wp\/v2\/property_feature?post=21854"},{"taxonomy":"property_label","embeddable":true,"href":"https:\/\/www.hypoimmobili.it\/de\/wp-json\/wp\/v2\/property_label?post=21854"},{"taxonomy":"property_country","embeddable":true,"href":"https:\/\/www.hypoimmobili.it\/de\/wp-json\/wp\/v2\/property_country?post=21854"},{"taxonomy":"property_state","embeddable":true,"href":"https:\/\/www.hypoimmobili.it\/de\/wp-json\/wp\/v2\/property_state?post=21854"},{"taxonomy":"property_city","embeddable":true,"href":"https:\/\/www.hypoimmobili.it\/de\/wp-json\/wp\/v2\/property_city?post=21854"},{"taxonomy":"property_area","embeddable":true,"href":"https:\/\/www.hypoimmobili.it\/de\/wp-json\/wp\/v2\/property_area?post=21854"}],"curies":[{"name":"wp","href":"https:\/\/api.w.org\/{rel}","templated":true}]}}